{"id":218,"date":"2017-05-18T14:36:38","date_gmt":"2017-05-18T12:36:38","guid":{"rendered":"http:\/\/www.amann-metallbau.de\/Metallbau\/leistungen-wintergaerten-copy\/"},"modified":"2024-03-01T15:36:50","modified_gmt":"2024-03-01T14:36:50","slug":"leistungen-fenster-tueren-fassaden","status":"publish","type":"page","link":"https:\/\/www.amann-metallbau.de\/Metallbau\/leistungen-fenster-tueren-fassaden\/","title":{"rendered":"Leistungen &#8211; Fenster, T\u00fcren &amp; Fassaden"},"content":{"rendered":"<!--themify_builder_content-->\n<div id=\"themify_builder_content-218\" data-postid=\"218\" class=\"themify_builder_content themify_builder_content-218 themify_builder tf_clear\">\n                    <div  data-css_id=\"4w7a058\" data-lazy=\"1\" class=\"module_row themify_builder_row fullwidth tb_4w7a058 tb_first tf_w wow\" data-tf-animation=\"fadeIn\">\n                        <div class=\"row_inner col_align_top tb_col_count_1 tf_box tf_rel\">\n                        <div  data-lazy=\"1\" class=\"module_column tb-column col-full tb_0jtr002 first\">\n                    <!-- module image -->\n<div  class=\"module module-image tb_qyf0060 image-top   auto_fullwidth tf_mw\" data-lazy=\"1\">\n        <div class=\"image-wrap tf_rel tf_mw\">\n            <img loading=\"lazy\" decoding=\"async\" width=\"1024\" height=\"350\" src=\"https:\/\/www.amann-metallbau.de\/Metallbau\/wp-content\/uploads\/2017\/05\/header_fenster_tueren_fassaden-1-1024x350.jpg\" class=\"wp-post-image wp-image-302\" title=\"header_fenster_tueren_fassaden 1\" alt=\"header_fenster_tueren_fassaden 1\" srcset=\"https:\/\/www.amann-metallbau.de\/Metallbau\/wp-content\/uploads\/2017\/05\/header_fenster_tueren_fassaden-1-1024x350.jpg 1024w, https:\/\/www.amann-metallbau.de\/Metallbau\/wp-content\/uploads\/2017\/05\/header_fenster_tueren_fassaden-1-300x102.jpg 300w, https:\/\/www.amann-metallbau.de\/Metallbau\/wp-content\/uploads\/2017\/05\/header_fenster_tueren_fassaden-1-768x262.jpg 768w, https:\/\/www.amann-metallbau.de\/Metallbau\/wp-content\/uploads\/2017\/05\/header_fenster_tueren_fassaden-1.jpg 2000w\" sizes=\"auto, (max-width: 1024px) 100vw, 1024px\" \/>    \n        <\/div>\n    <!-- \/image-wrap -->\n    \n        <\/div>\n<!-- \/module image -->        <\/div>\n                        <\/div>\n        <\/div>\n                        <div  data-lazy=\"1\" class=\"module_row themify_builder_row our-services tb_iw4r907 tf_w\">\n                        <div class=\"row_inner col_align_top tb_col_count_1 tf_box tf_rel\">\n                        <div  data-lazy=\"1\" class=\"module_column tb-column col-full tb_aii4080 first\">\n                    <!-- module text -->\n<div  class=\"module module-text tb_z3dq970    wow\" data-tf-animation=\"fadeInUp\" data-lazy=\"1\">\n        <div  class=\"tb_text_wrap\">\n        <h2>Fenster, T\u00fcren &amp; Fassaden<\/h2>    <\/div>\n<\/div>\n<!-- \/module text --><!-- module text -->\n<div  class=\"module module-text tb_6uvm849   \" data-lazy=\"1\">\n        <div  class=\"tb_text_wrap\">\n        <p>Wir planen, fertigen und montieren in enger Partnerschaft mit unserem Systemlieferanten Wicona Fenster, T\u00fcren und Fassadensysteme.<\/p><p>Die Systeme Wicline, Wicstyle, Wicslide und Wictec bieten alle M\u00f6glichkeiten des modernen Metallbaus hinsichtlich Optik, Energieeffizienz, Einbruchschutz, Schallschutz, usw.<\/p><p>Durch gr\u00f6sste Profil- und Ausgestaltungsvielfalt sind Fassaden,Fenster, T\u00fcren und Schiebesysteme individuell bestens kombinierbar.<\/p><p>Zusammen mit hochmodernen Gl\u00e4sern und dem dazugeh\u00f6rigen individuell angepassten Sonnenschutz k\u00f6nnen wir umfassende Metallbauarbeiten anbieten, die h\u00f6chsten Anspr\u00fcchen gen\u00fcgen.<\/p><p>Sch\u00f6ne und sichere Haust\u00fcren, energieeffiziente Fenster, ein Wohnraum erweiternder Wintergarten f\u00fcr den privaten Kunden, Schaufenster, hochmoderne Fassaden f\u00fcr B\u00fcrogeb\u00e4ude, die energetische Sanierung von \u00f6ffentlichen Geb\u00e4uden wie z.B. Schulen z\u00e4hlen seit Jahrzehnten zu unseren t\u00e4glichen Aufgaben.<\/p>    <\/div>\n<\/div>\n<!-- \/module text --><!-- module gallery -->\n<div  class=\"module gallery module-gallery tb_daam900 layout-grid  \" data-lazy=\"1\">\n    <div class=\"module-gallery-grid\" style=\"--gald:3;--galt:3;--galm:3\">\n            <dl class=\"gallery-item\">\n            <dt class=\"gallery-icon\">\n            <a data-title=\"\" title=\"\" href=\"https:\/\/www.amann-metallbau.de\/Metallbau\/wp-content\/uploads\/2017\/05\/Fenster_Tueren_Fassaden1-1024x576.jpg\" data-rel=\"tb_daam900\" class=\"themify_lightbox\"><img loading=\"lazy\" decoding=\"async\" width=\"4684\" height=\"2635\" src=\"https:\/\/www.amann-metallbau.de\/Metallbau\/wp-content\/uploads\/2017\/05\/Fenster_Tueren_Fassaden1.jpg\" class=\"wp-post-image wp-image-232\" title=\"Fenster, T\u00fcren &amp; Fassaden - Metallbau\" alt=\"Fenster, T\u00fcren &amp; Fassaden - Metallbau\" srcset=\"https:\/\/www.amann-metallbau.de\/Metallbau\/wp-content\/uploads\/2017\/05\/Fenster_Tueren_Fassaden1.jpg 4684w, https:\/\/www.amann-metallbau.de\/Metallbau\/wp-content\/uploads\/2017\/05\/Fenster_Tueren_Fassaden1-300x169.jpg 300w, https:\/\/www.amann-metallbau.de\/Metallbau\/wp-content\/uploads\/2017\/05\/Fenster_Tueren_Fassaden1-768x432.jpg 768w, https:\/\/www.amann-metallbau.de\/Metallbau\/wp-content\/uploads\/2017\/05\/Fenster_Tueren_Fassaden1-1024x576.jpg 1024w\" sizes=\"auto, (max-width: 4684px) 100vw, 4684px\" \/><\/a>            <\/dt>\n                    <\/dl>\n            <dl class=\"gallery-item\">\n            <dt class=\"gallery-icon\">\n            <a data-title=\"\" title=\"\" href=\"https:\/\/www.amann-metallbau.de\/Metallbau\/wp-content\/uploads\/2017\/05\/Fenster_Tueren_Fassaden2-1024x576.jpg\" data-rel=\"tb_daam900\" class=\"themify_lightbox\"><img loading=\"lazy\" decoding=\"async\" width=\"5085\" height=\"2860\" src=\"https:\/\/www.amann-metallbau.de\/Metallbau\/wp-content\/uploads\/2017\/05\/Fenster_Tueren_Fassaden2.jpg\" class=\"wp-post-image wp-image-233\" title=\"Fenster, T\u00fcren &amp; Fassaden - Metallbau\" alt=\"Fenster, T\u00fcren &amp; Fassaden - Metallbau\" srcset=\"https:\/\/www.amann-metallbau.de\/Metallbau\/wp-content\/uploads\/2017\/05\/Fenster_Tueren_Fassaden2.jpg 5085w, https:\/\/www.amann-metallbau.de\/Metallbau\/wp-content\/uploads\/2017\/05\/Fenster_Tueren_Fassaden2-300x169.jpg 300w, https:\/\/www.amann-metallbau.de\/Metallbau\/wp-content\/uploads\/2017\/05\/Fenster_Tueren_Fassaden2-768x432.jpg 768w, https:\/\/www.amann-metallbau.de\/Metallbau\/wp-content\/uploads\/2017\/05\/Fenster_Tueren_Fassaden2-1024x576.jpg 1024w\" sizes=\"auto, (max-width: 5085px) 100vw, 5085px\" \/><\/a>            <\/dt>\n                    <\/dl>\n            <dl class=\"gallery-item\">\n            <dt class=\"gallery-icon\">\n            <a data-title=\"\" title=\"\" href=\"https:\/\/www.amann-metallbau.de\/Metallbau\/wp-content\/uploads\/2017\/05\/Fenster_Tueren_Fassaden3-1024x576.jpg\" data-rel=\"tb_daam900\" class=\"themify_lightbox\"><img loading=\"lazy\" decoding=\"async\" width=\"4611\" height=\"2594\" src=\"https:\/\/www.amann-metallbau.de\/Metallbau\/wp-content\/uploads\/2017\/05\/Fenster_Tueren_Fassaden3.jpg\" class=\"wp-post-image wp-image-234\" title=\"Fenster, T\u00fcren &amp; Fassaden - Metallbau\" alt=\"Fenster, T\u00fcren &amp; Fassaden - Metallbau\" srcset=\"https:\/\/www.amann-metallbau.de\/Metallbau\/wp-content\/uploads\/2017\/05\/Fenster_Tueren_Fassaden3.jpg 4611w, https:\/\/www.amann-metallbau.de\/Metallbau\/wp-content\/uploads\/2017\/05\/Fenster_Tueren_Fassaden3-300x169.jpg 300w, https:\/\/www.amann-metallbau.de\/Metallbau\/wp-content\/uploads\/2017\/05\/Fenster_Tueren_Fassaden3-768x432.jpg 768w, https:\/\/www.amann-metallbau.de\/Metallbau\/wp-content\/uploads\/2017\/05\/Fenster_Tueren_Fassaden3-1024x576.jpg 1024w\" sizes=\"auto, (max-width: 4611px) 100vw, 4611px\" \/><\/a>            <\/dt>\n                    <\/dl>\n            <dl class=\"gallery-item\">\n            <dt class=\"gallery-icon\">\n            <a data-title=\"\" title=\"\" href=\"https:\/\/www.amann-metallbau.de\/Metallbau\/wp-content\/uploads\/2017\/05\/Fenster_Tueren_Fassaden4-1024x576.jpg\" data-rel=\"tb_daam900\" class=\"themify_lightbox\"><img loading=\"lazy\" decoding=\"async\" width=\"5312\" height=\"2988\" src=\"https:\/\/www.amann-metallbau.de\/Metallbau\/wp-content\/uploads\/2017\/05\/Fenster_Tueren_Fassaden4.jpg\" class=\"wp-post-image wp-image-235\" title=\"Fenster, T\u00fcren &amp; Fassaden - Metallbau\" alt=\"Fenster, T\u00fcren &amp; Fassaden - Metallbau\" srcset=\"https:\/\/www.amann-metallbau.de\/Metallbau\/wp-content\/uploads\/2017\/05\/Fenster_Tueren_Fassaden4.jpg 5312w, https:\/\/www.amann-metallbau.de\/Metallbau\/wp-content\/uploads\/2017\/05\/Fenster_Tueren_Fassaden4-300x169.jpg 300w, https:\/\/www.amann-metallbau.de\/Metallbau\/wp-content\/uploads\/2017\/05\/Fenster_Tueren_Fassaden4-768x432.jpg 768w, https:\/\/www.amann-metallbau.de\/Metallbau\/wp-content\/uploads\/2017\/05\/Fenster_Tueren_Fassaden4-1024x576.jpg 1024w\" sizes=\"auto, (max-width: 5312px) 100vw, 5312px\" \/><\/a>            <\/dt>\n                    <\/dl>\n            <dl class=\"gallery-item\">\n            <dt class=\"gallery-icon\">\n            <a data-title=\"\" title=\"\" href=\"https:\/\/www.amann-metallbau.de\/Metallbau\/wp-content\/uploads\/2017\/05\/Fenster_Tueren_Fassaden5-1024x576.jpg\" data-rel=\"tb_daam900\" class=\"themify_lightbox\"><img loading=\"lazy\" decoding=\"async\" width=\"4688\" height=\"2637\" src=\"https:\/\/www.amann-metallbau.de\/Metallbau\/wp-content\/uploads\/2017\/05\/Fenster_Tueren_Fassaden5.jpg\" class=\"wp-post-image wp-image-236\" title=\"Fenster, T\u00fcren &amp; Fassaden - Metallbau\" alt=\"Fenster, T\u00fcren &amp; Fassaden - Metallbau\" srcset=\"https:\/\/www.amann-metallbau.de\/Metallbau\/wp-content\/uploads\/2017\/05\/Fenster_Tueren_Fassaden5.jpg 4688w, https:\/\/www.amann-metallbau.de\/Metallbau\/wp-content\/uploads\/2017\/05\/Fenster_Tueren_Fassaden5-300x169.jpg 300w, https:\/\/www.amann-metallbau.de\/Metallbau\/wp-content\/uploads\/2017\/05\/Fenster_Tueren_Fassaden5-768x432.jpg 768w, https:\/\/www.amann-metallbau.de\/Metallbau\/wp-content\/uploads\/2017\/05\/Fenster_Tueren_Fassaden5-1024x576.jpg 1024w\" sizes=\"auto, (max-width: 4688px) 100vw, 4688px\" \/><\/a>            <\/dt>\n                    <\/dl>\n            <dl class=\"gallery-item\">\n            <dt class=\"gallery-icon\">\n            <a data-title=\"\" title=\"\" href=\"https:\/\/www.amann-metallbau.de\/Metallbau\/wp-content\/uploads\/2017\/05\/Fenster_Tueren_Fassaden6-1024x576.jpg\" data-rel=\"tb_daam900\" class=\"themify_lightbox\"><img loading=\"lazy\" decoding=\"async\" width=\"5312\" height=\"2988\" src=\"https:\/\/www.amann-metallbau.de\/Metallbau\/wp-content\/uploads\/2017\/05\/Fenster_Tueren_Fassaden6.jpg\" class=\"wp-post-image wp-image-237\" title=\"Fenster, T\u00fcren &amp; Fassaden - Metallbau\" alt=\"Fenster, T\u00fcren &amp; Fassaden - Metallbau\" srcset=\"https:\/\/www.amann-metallbau.de\/Metallbau\/wp-content\/uploads\/2017\/05\/Fenster_Tueren_Fassaden6.jpg 5312w, https:\/\/www.amann-metallbau.de\/Metallbau\/wp-content\/uploads\/2017\/05\/Fenster_Tueren_Fassaden6-300x169.jpg 300w, https:\/\/www.amann-metallbau.de\/Metallbau\/wp-content\/uploads\/2017\/05\/Fenster_Tueren_Fassaden6-768x432.jpg 768w, https:\/\/www.amann-metallbau.de\/Metallbau\/wp-content\/uploads\/2017\/05\/Fenster_Tueren_Fassaden6-1024x576.jpg 1024w\" sizes=\"auto, (max-width: 5312px) 100vw, 5312px\" \/><\/a>            <\/dt>\n                    <\/dl>\n            <dl class=\"gallery-item\">\n            <dt class=\"gallery-icon\">\n            <a data-title=\"\" title=\"\" href=\"https:\/\/www.amann-metallbau.de\/Metallbau\/wp-content\/uploads\/2017\/06\/Fenster_Tueren_Fassaden7a.jpg-1024x768.png\" data-rel=\"tb_daam900\" class=\"themify_lightbox\"><img loading=\"lazy\" decoding=\"async\" width=\"2816\" height=\"2112\" src=\"https:\/\/www.amann-metallbau.de\/Metallbau\/wp-content\/uploads\/2017\/06\/Fenster_Tueren_Fassaden7a.jpg.png\" class=\"wp-post-image wp-image-347\" title=\"Fenster_Tueren_Fassaden7a.jpg\" alt=\"Fenster_Tueren_Fassaden7a.jpg\" srcset=\"https:\/\/www.amann-metallbau.de\/Metallbau\/wp-content\/uploads\/2017\/06\/Fenster_Tueren_Fassaden7a.jpg.png 2816w, https:\/\/www.amann-metallbau.de\/Metallbau\/wp-content\/uploads\/2017\/06\/Fenster_Tueren_Fassaden7a.jpg-300x225.png 300w, https:\/\/www.amann-metallbau.de\/Metallbau\/wp-content\/uploads\/2017\/06\/Fenster_Tueren_Fassaden7a.jpg-768x576.png 768w, https:\/\/www.amann-metallbau.de\/Metallbau\/wp-content\/uploads\/2017\/06\/Fenster_Tueren_Fassaden7a.jpg-1024x768.png 1024w\" sizes=\"auto, (max-width: 2816px) 100vw, 2816px\" \/><\/a>            <\/dt>\n                    <\/dl>\n            <dl class=\"gallery-item\">\n            <dt class=\"gallery-icon\">\n            <a data-title=\"\" title=\"\" href=\"https:\/\/www.amann-metallbau.de\/Metallbau\/wp-content\/uploads\/2017\/06\/Fenster_Tueren_Fassaden8.jpg-1024x768.png\" data-rel=\"tb_daam900\" class=\"themify_lightbox\"><img loading=\"lazy\" decoding=\"async\" width=\"2816\" height=\"2112\" src=\"https:\/\/www.amann-metallbau.de\/Metallbau\/wp-content\/uploads\/2017\/06\/Fenster_Tueren_Fassaden8.jpg.png\" class=\"wp-post-image wp-image-345\" title=\"Fenster_Tueren_Fassaden8.jpg\" alt=\"Fenster_Tueren_Fassaden8.jpg\" srcset=\"https:\/\/www.amann-metallbau.de\/Metallbau\/wp-content\/uploads\/2017\/06\/Fenster_Tueren_Fassaden8.jpg.png 2816w, https:\/\/www.amann-metallbau.de\/Metallbau\/wp-content\/uploads\/2017\/06\/Fenster_Tueren_Fassaden8.jpg-300x225.png 300w, https:\/\/www.amann-metallbau.de\/Metallbau\/wp-content\/uploads\/2017\/06\/Fenster_Tueren_Fassaden8.jpg-768x576.png 768w, https:\/\/www.amann-metallbau.de\/Metallbau\/wp-content\/uploads\/2017\/06\/Fenster_Tueren_Fassaden8.jpg-1024x768.png 1024w\" sizes=\"auto, (max-width: 2816px) 100vw, 2816px\" \/><\/a>            <\/dt>\n                    <\/dl>\n            <dl class=\"gallery-item\">\n            <dt class=\"gallery-icon\">\n            <a data-title=\"\" title=\"\" href=\"https:\/\/www.amann-metallbau.de\/Metallbau\/wp-content\/uploads\/2017\/06\/Fenster_Tueren_Fassaden10.jpg-1024x768.png\" data-rel=\"tb_daam900\" class=\"themify_lightbox\"><img loading=\"lazy\" decoding=\"async\" width=\"2816\" height=\"2112\" src=\"https:\/\/www.amann-metallbau.de\/Metallbau\/wp-content\/uploads\/2017\/06\/Fenster_Tueren_Fassaden10.jpg.png\" class=\"wp-post-image wp-image-346\" title=\"Fenster_Tueren_Fassaden10.jpg\" alt=\"Fenster_Tueren_Fassaden10.jpg\" srcset=\"https:\/\/www.amann-metallbau.de\/Metallbau\/wp-content\/uploads\/2017\/06\/Fenster_Tueren_Fassaden10.jpg.png 2816w, https:\/\/www.amann-metallbau.de\/Metallbau\/wp-content\/uploads\/2017\/06\/Fenster_Tueren_Fassaden10.jpg-300x225.png 300w, https:\/\/www.amann-metallbau.de\/Metallbau\/wp-content\/uploads\/2017\/06\/Fenster_Tueren_Fassaden10.jpg-768x576.png 768w, https:\/\/www.amann-metallbau.de\/Metallbau\/wp-content\/uploads\/2017\/06\/Fenster_Tueren_Fassaden10.jpg-1024x768.png 1024w\" sizes=\"auto, (max-width: 2816px) 100vw, 2816px\" \/><\/a>            <\/dt>\n                    <\/dl>\n            <dl class=\"gallery-item\">\n            <dt class=\"gallery-icon\">\n            <a data-title=\"\" title=\"\" href=\"https:\/\/www.amann-metallbau.de\/Metallbau\/wp-content\/uploads\/2017\/05\/Fenster_Tueren_Fassaden11-1024x576.jpg\" data-rel=\"tb_daam900\" class=\"themify_lightbox\"><img loading=\"lazy\" decoding=\"async\" width=\"5312\" height=\"2988\" src=\"https:\/\/www.amann-metallbau.de\/Metallbau\/wp-content\/uploads\/2017\/05\/Fenster_Tueren_Fassaden11.jpg\" class=\"wp-post-image wp-image-241\" title=\"Fenster, T\u00fcren &amp; Fassaden - Metallbau\" alt=\"Fenster, T\u00fcren &amp; Fassaden - Metallbau\" srcset=\"https:\/\/www.amann-metallbau.de\/Metallbau\/wp-content\/uploads\/2017\/05\/Fenster_Tueren_Fassaden11.jpg 5312w, https:\/\/www.amann-metallbau.de\/Metallbau\/wp-content\/uploads\/2017\/05\/Fenster_Tueren_Fassaden11-300x169.jpg 300w, https:\/\/www.amann-metallbau.de\/Metallbau\/wp-content\/uploads\/2017\/05\/Fenster_Tueren_Fassaden11-768x432.jpg 768w, https:\/\/www.amann-metallbau.de\/Metallbau\/wp-content\/uploads\/2017\/05\/Fenster_Tueren_Fassaden11-1024x576.jpg 1024w\" sizes=\"auto, (max-width: 5312px) 100vw, 5312px\" \/><\/a>            <\/dt>\n                    <\/dl>\n            <dl class=\"gallery-item\">\n            <dt class=\"gallery-icon\">\n            <a data-title=\"\" title=\"\" href=\"https:\/\/www.amann-metallbau.de\/Metallbau\/wp-content\/uploads\/2017\/05\/Fenster_Tueren_Fassaden12-1024x576.jpg\" data-rel=\"tb_daam900\" class=\"themify_lightbox\"><img loading=\"lazy\" decoding=\"async\" width=\"5312\" height=\"2988\" src=\"https:\/\/www.amann-metallbau.de\/Metallbau\/wp-content\/uploads\/2017\/05\/Fenster_Tueren_Fassaden12.jpg\" class=\"wp-post-image wp-image-242\" title=\"Fenster, T\u00fcren &amp; Fassaden - Metallbau\" alt=\"Fenster, T\u00fcren &amp; Fassaden - Metallbau\" srcset=\"https:\/\/www.amann-metallbau.de\/Metallbau\/wp-content\/uploads\/2017\/05\/Fenster_Tueren_Fassaden12.jpg 5312w, https:\/\/www.amann-metallbau.de\/Metallbau\/wp-content\/uploads\/2017\/05\/Fenster_Tueren_Fassaden12-300x169.jpg 300w, https:\/\/www.amann-metallbau.de\/Metallbau\/wp-content\/uploads\/2017\/05\/Fenster_Tueren_Fassaden12-768x432.jpg 768w, https:\/\/www.amann-metallbau.de\/Metallbau\/wp-content\/uploads\/2017\/05\/Fenster_Tueren_Fassaden12-1024x576.jpg 1024w\" sizes=\"auto, (max-width: 5312px) 100vw, 5312px\" \/><\/a>            <\/dt>\n                    <\/dl>\n            <dl class=\"gallery-item\">\n            <dt class=\"gallery-icon\">\n            <a data-title=\"\" title=\"\" href=\"https:\/\/www.amann-metallbau.de\/Metallbau\/wp-content\/uploads\/2017\/05\/Fenster_Tueren_Fassaden13-1024x576.jpg\" data-rel=\"tb_daam900\" class=\"themify_lightbox\"><img loading=\"lazy\" decoding=\"async\" width=\"5312\" height=\"2988\" src=\"https:\/\/www.amann-metallbau.de\/Metallbau\/wp-content\/uploads\/2017\/05\/Fenster_Tueren_Fassaden13.jpg\" class=\"wp-post-image wp-image-243\" title=\"Fenster, T\u00fcren &amp; Fassaden - Metallbau\" alt=\"Fenster, T\u00fcren &amp; Fassaden - Metallbau\" srcset=\"https:\/\/www.amann-metallbau.de\/Metallbau\/wp-content\/uploads\/2017\/05\/Fenster_Tueren_Fassaden13.jpg 5312w, https:\/\/www.amann-metallbau.de\/Metallbau\/wp-content\/uploads\/2017\/05\/Fenster_Tueren_Fassaden13-300x169.jpg 300w, https:\/\/www.amann-metallbau.de\/Metallbau\/wp-content\/uploads\/2017\/05\/Fenster_Tueren_Fassaden13-768x432.jpg 768w, https:\/\/www.amann-metallbau.de\/Metallbau\/wp-content\/uploads\/2017\/05\/Fenster_Tueren_Fassaden13-1024x576.jpg 1024w\" sizes=\"auto, (max-width: 5312px) 100vw, 5312px\" \/><\/a>            <\/dt>\n                    <\/dl>\n            <dl class=\"gallery-item\">\n            <dt class=\"gallery-icon\">\n            <a data-title=\"\" title=\"\" href=\"https:\/\/www.amann-metallbau.de\/Metallbau\/wp-content\/uploads\/2017\/05\/Fenster_Tueren_Fassaden14-1024x768.jpg\" data-rel=\"tb_daam900\" class=\"themify_lightbox\"><img loading=\"lazy\" decoding=\"async\" width=\"2816\" height=\"2112\" src=\"https:\/\/www.amann-metallbau.de\/Metallbau\/wp-content\/uploads\/2017\/05\/Fenster_Tueren_Fassaden14.jpg\" class=\"wp-post-image wp-image-244\" title=\"Fenster, T\u00fcren &amp; Fassaden - Metallbau\" alt=\"Fenster, T\u00fcren &amp; Fassaden - Metallbau\" srcset=\"https:\/\/www.amann-metallbau.de\/Metallbau\/wp-content\/uploads\/2017\/05\/Fenster_Tueren_Fassaden14.jpg 2816w, https:\/\/www.amann-metallbau.de\/Metallbau\/wp-content\/uploads\/2017\/05\/Fenster_Tueren_Fassaden14-300x225.jpg 300w, https:\/\/www.amann-metallbau.de\/Metallbau\/wp-content\/uploads\/2017\/05\/Fenster_Tueren_Fassaden14-768x576.jpg 768w, https:\/\/www.amann-metallbau.de\/Metallbau\/wp-content\/uploads\/2017\/05\/Fenster_Tueren_Fassaden14-1024x768.jpg 1024w\" sizes=\"auto, (max-width: 2816px) 100vw, 2816px\" \/><\/a>            <\/dt>\n                    <\/dl>\n            <dl class=\"gallery-item\">\n            <dt class=\"gallery-icon\">\n            <a data-title=\"\" title=\"\" href=\"https:\/\/www.amann-metallbau.de\/Metallbau\/wp-content\/uploads\/2017\/05\/Fenster_Tueren_Fassaden15-1024x768.jpg\" data-rel=\"tb_daam900\" class=\"themify_lightbox\"><img loading=\"lazy\" decoding=\"async\" width=\"2816\" height=\"2112\" src=\"https:\/\/www.amann-metallbau.de\/Metallbau\/wp-content\/uploads\/2017\/05\/Fenster_Tueren_Fassaden15.jpg\" class=\"wp-post-image wp-image-245\" title=\"Fenster, T\u00fcren &amp; Fassaden - Metallbau\" alt=\"Fenster, T\u00fcren &amp; Fassaden - Metallbau\" srcset=\"https:\/\/www.amann-metallbau.de\/Metallbau\/wp-content\/uploads\/2017\/05\/Fenster_Tueren_Fassaden15.jpg 2816w, https:\/\/www.amann-metallbau.de\/Metallbau\/wp-content\/uploads\/2017\/05\/Fenster_Tueren_Fassaden15-300x225.jpg 300w, https:\/\/www.amann-metallbau.de\/Metallbau\/wp-content\/uploads\/2017\/05\/Fenster_Tueren_Fassaden15-768x576.jpg 768w, https:\/\/www.amann-metallbau.de\/Metallbau\/wp-content\/uploads\/2017\/05\/Fenster_Tueren_Fassaden15-1024x768.jpg 1024w\" sizes=\"auto, (max-width: 2816px) 100vw, 2816px\" \/><\/a>            <\/dt>\n                    <\/dl>\n            <dl class=\"gallery-item\">\n            <dt class=\"gallery-icon\">\n            <a data-title=\"\" title=\"\" href=\"https:\/\/www.amann-metallbau.de\/Metallbau\/wp-content\/uploads\/2017\/06\/Fenster_Tueren_Fassaden16.jpg-1024x768.png\" data-rel=\"tb_daam900\" class=\"themify_lightbox\"><img loading=\"lazy\" decoding=\"async\" width=\"2816\" height=\"2112\" src=\"https:\/\/www.amann-metallbau.de\/Metallbau\/wp-content\/uploads\/2017\/06\/Fenster_Tueren_Fassaden16.jpg.png\" class=\"wp-post-image wp-image-344\" title=\"Fenster_Tueren_Fassaden16.jpg\" alt=\"Fenster_Tueren_Fassaden16.jpg\" srcset=\"https:\/\/www.amann-metallbau.de\/Metallbau\/wp-content\/uploads\/2017\/06\/Fenster_Tueren_Fassaden16.jpg.png 2816w, https:\/\/www.amann-metallbau.de\/Metallbau\/wp-content\/uploads\/2017\/06\/Fenster_Tueren_Fassaden16.jpg-300x225.png 300w, https:\/\/www.amann-metallbau.de\/Metallbau\/wp-content\/uploads\/2017\/06\/Fenster_Tueren_Fassaden16.jpg-768x576.png 768w, https:\/\/www.amann-metallbau.de\/Metallbau\/wp-content\/uploads\/2017\/06\/Fenster_Tueren_Fassaden16.jpg-1024x768.png 1024w\" sizes=\"auto, (max-width: 2816px) 100vw, 2816px\" \/><\/a>            <\/dt>\n                    <\/dl>\n    <\/div>\n<\/div>\n<!-- \/module gallery -->        <\/div>\n                        <\/div>\n        <\/div>\n        <\/div>\n<!--\/themify_builder_content-->","protected":false},"excerpt":{"rendered":"<p>Fenster, T\u00fcren &amp; Fassaden<\/p>\n","protected":false},"author":1,"featured_media":0,"parent":0,"menu_order":0,"comment_status":"closed","ping_status":"closed","template":"","meta":{"footnotes":""},"class_list":["post-218","page","type-page","status-publish","hentry","has-post-title","has-post-date","has-post-category","has-post-tag","has-post-comment","has-post-author",""],"yoast_head":"<!-- This site is optimized with the Yoast SEO plugin v27.3 - https:\/\/yoast.com\/product\/yoast-seo-wordpress\/ -->\n<title>Fenster, T\u00fcren &amp; Fassaden - Amann Metallbau in Sinzheim, Baden-Baden<\/title>\n<meta name=\"description\" content=\"Amann Metallbau - Ihr Partner f\u00fcr Fenster, T\u00fcren &amp; Fassaden in enger Partnerschaft mit unserem Systemlieferanten Wicona Fenster, T\u00fcren und Fassadensysteme.\" \/>\n<meta name=\"robots\" content=\"index, follow, max-snippet:-1, max-image-preview:large, max-video-preview:-1\" \/>\n<link rel=\"canonical\" href=\"https:\/\/www.amann-metallbau.de\/Metallbau\/leistungen-fenster-tueren-fassaden\/\" \/>\n<meta property=\"og:locale\" content=\"de_DE\" \/>\n<meta property=\"og:type\" content=\"article\" \/>\n<meta property=\"og:title\" content=\"Fenster, T\u00fcren &amp; Fassaden - Amann Metallbau in Sinzheim, Baden-Baden\" \/>\n<meta property=\"og:description\" content=\"Amann Metallbau - Ihr Partner f\u00fcr Fenster, T\u00fcren &amp; Fassaden in enger Partnerschaft mit unserem Systemlieferanten Wicona Fenster, T\u00fcren und Fassadensysteme.\" \/>\n<meta property=\"og:url\" content=\"https:\/\/www.amann-metallbau.de\/Metallbau\/leistungen-fenster-tueren-fassaden\/\" \/>\n<meta property=\"og:site_name\" content=\"Amann Metallbau\" \/>\n<meta property=\"article:modified_time\" content=\"2024-03-01T14:36:50+00:00\" \/>\n<meta property=\"og:image\" content=\"https:\/\/www.amann-metallbau.de\/Metallbau\/wp-content\/uploads\/2017\/05\/Fenster_Tueren_Fassaden1-150x150.jpg\" \/>\n<meta name=\"twitter:card\" content=\"summary_large_image\" \/>\n<meta name=\"twitter:label1\" content=\"Gesch\u00e4tzte Lesezeit\" \/>\n\t<meta name=\"twitter:data1\" content=\"2\u00a0Minuten\" \/>\n<script type=\"application\/ld+json\" class=\"yoast-schema-graph\">{\"@context\":\"https:\\\/\\\/schema.org\",\"@graph\":[{\"@type\":\"WebPage\",\"@id\":\"https:\\\/\\\/www.amann-metallbau.de\\\/Metallbau\\\/leistungen-fenster-tueren-fassaden\\\/\",\"url\":\"https:\\\/\\\/www.amann-metallbau.de\\\/Metallbau\\\/leistungen-fenster-tueren-fassaden\\\/\",\"name\":\"Fenster, T\u00fcren & Fassaden - Amann Metallbau in Sinzheim, Baden-Baden\",\"isPartOf\":{\"@id\":\"https:\\\/\\\/www.amann-metallbau.de\\\/Metallbau\\\/#website\"},\"primaryImageOfPage\":{\"@id\":\"https:\\\/\\\/www.amann-metallbau.de\\\/Metallbau\\\/leistungen-fenster-tueren-fassaden\\\/#primaryimage\"},\"image\":{\"@id\":\"https:\\\/\\\/www.amann-metallbau.de\\\/Metallbau\\\/leistungen-fenster-tueren-fassaden\\\/#primaryimage\"},\"thumbnailUrl\":\"https:\\\/\\\/www.amann-metallbau.de\\\/Metallbau\\\/wp-content\\\/uploads\\\/2017\\\/05\\\/header_fenster_tueren_fassaden-1-1024x350.jpg\",\"datePublished\":\"2017-05-18T12:36:38+00:00\",\"dateModified\":\"2024-03-01T14:36:50+00:00\",\"description\":\"Amann Metallbau - Ihr Partner f\u00fcr Fenster, T\u00fcren & Fassaden in enger Partnerschaft mit unserem Systemlieferanten Wicona Fenster, T\u00fcren und Fassadensysteme.\",\"breadcrumb\":{\"@id\":\"https:\\\/\\\/www.amann-metallbau.de\\\/Metallbau\\\/leistungen-fenster-tueren-fassaden\\\/#breadcrumb\"},\"inLanguage\":\"de\",\"potentialAction\":[{\"@type\":\"ReadAction\",\"target\":[\"https:\\\/\\\/www.amann-metallbau.de\\\/Metallbau\\\/leistungen-fenster-tueren-fassaden\\\/\"]}]},{\"@type\":\"ImageObject\",\"inLanguage\":\"de\",\"@id\":\"https:\\\/\\\/www.amann-metallbau.de\\\/Metallbau\\\/leistungen-fenster-tueren-fassaden\\\/#primaryimage\",\"url\":\"https:\\\/\\\/www.amann-metallbau.de\\\/Metallbau\\\/wp-content\\\/uploads\\\/2017\\\/05\\\/header_fenster_tueren_fassaden-1.jpg\",\"contentUrl\":\"https:\\\/\\\/www.amann-metallbau.de\\\/Metallbau\\\/wp-content\\\/uploads\\\/2017\\\/05\\\/header_fenster_tueren_fassaden-1.jpg\",\"width\":2000,\"height\":683},{\"@type\":\"BreadcrumbList\",\"@id\":\"https:\\\/\\\/www.amann-metallbau.de\\\/Metallbau\\\/leistungen-fenster-tueren-fassaden\\\/#breadcrumb\",\"itemListElement\":[{\"@type\":\"ListItem\",\"position\":1,\"name\":\"Startseite\",\"item\":\"https:\\\/\\\/www.amann-metallbau.de\\\/Metallbau\\\/\"},{\"@type\":\"ListItem\",\"position\":2,\"name\":\"Leistungen &#8211; Fenster, T\u00fcren &amp; Fassaden\"}]},{\"@type\":\"WebSite\",\"@id\":\"https:\\\/\\\/www.amann-metallbau.de\\\/Metallbau\\\/#website\",\"url\":\"https:\\\/\\\/www.amann-metallbau.de\\\/Metallbau\\\/\",\"name\":\"Amann Metallbau\",\"description\":\"Winterg\u00e4rten - Fenster, T\u00fcren &amp; Fassaden\",\"publisher\":{\"@id\":\"https:\\\/\\\/www.amann-metallbau.de\\\/Metallbau\\\/#organization\"},\"potentialAction\":[{\"@type\":\"SearchAction\",\"target\":{\"@type\":\"EntryPoint\",\"urlTemplate\":\"https:\\\/\\\/www.amann-metallbau.de\\\/Metallbau\\\/?s={search_term_string}\"},\"query-input\":{\"@type\":\"PropertyValueSpecification\",\"valueRequired\":true,\"valueName\":\"search_term_string\"}}],\"inLanguage\":\"de\"},{\"@type\":\"Organization\",\"@id\":\"https:\\\/\\\/www.amann-metallbau.de\\\/Metallbau\\\/#organization\",\"name\":\"Amann Metallbau Sinzheim\",\"url\":\"https:\\\/\\\/www.amann-metallbau.de\\\/Metallbau\\\/\",\"logo\":{\"@type\":\"ImageObject\",\"inLanguage\":\"de\",\"@id\":\"https:\\\/\\\/www.amann-metallbau.de\\\/Metallbau\\\/#\\\/schema\\\/logo\\\/image\\\/\",\"url\":\"https:\\\/\\\/www.amann-metallbau.de\\\/Metallbau\\\/wp-content\\\/uploads\\\/2017\\\/05\\\/logo.gif\",\"contentUrl\":\"https:\\\/\\\/www.amann-metallbau.de\\\/Metallbau\\\/wp-content\\\/uploads\\\/2017\\\/05\\\/logo.gif\",\"width\":39,\"height\":41,\"caption\":\"Amann Metallbau Sinzheim\"},\"image\":{\"@id\":\"https:\\\/\\\/www.amann-metallbau.de\\\/Metallbau\\\/#\\\/schema\\\/logo\\\/image\\\/\"}}]}<\/script>\n<!-- \/ Yoast SEO plugin. -->","yoast_head_json":{"title":"Fenster, T\u00fcren & Fassaden - Amann Metallbau in Sinzheim, Baden-Baden","description":"Amann Metallbau - Ihr Partner f\u00fcr Fenster, T\u00fcren & Fassaden in enger Partnerschaft mit unserem Systemlieferanten Wicona Fenster, T\u00fcren und Fassadensysteme.","robots":{"index":"index","follow":"follow","max-snippet":"max-snippet:-1","max-image-preview":"max-image-preview:large","max-video-preview":"max-video-preview:-1"},"canonical":"https:\/\/www.amann-metallbau.de\/Metallbau\/leistungen-fenster-tueren-fassaden\/","og_locale":"de_DE","og_type":"article","og_title":"Fenster, T\u00fcren & Fassaden - Amann Metallbau in Sinzheim, Baden-Baden","og_description":"Amann Metallbau - Ihr Partner f\u00fcr Fenster, T\u00fcren & Fassaden in enger Partnerschaft mit unserem Systemlieferanten Wicona Fenster, T\u00fcren und Fassadensysteme.","og_url":"https:\/\/www.amann-metallbau.de\/Metallbau\/leistungen-fenster-tueren-fassaden\/","og_site_name":"Amann Metallbau","article_modified_time":"2024-03-01T14:36:50+00:00","og_image":[{"url":"https:\/\/www.amann-metallbau.de\/Metallbau\/wp-content\/uploads\/2017\/05\/Fenster_Tueren_Fassaden1-150x150.jpg","type":"","width":"","height":""}],"twitter_card":"summary_large_image","twitter_misc":{"Gesch\u00e4tzte Lesezeit":"2\u00a0Minuten"},"schema":{"@context":"https:\/\/schema.org","@graph":[{"@type":"WebPage","@id":"https:\/\/www.amann-metallbau.de\/Metallbau\/leistungen-fenster-tueren-fassaden\/","url":"https:\/\/www.amann-metallbau.de\/Metallbau\/leistungen-fenster-tueren-fassaden\/","name":"Fenster, T\u00fcren & Fassaden - Amann Metallbau in Sinzheim, Baden-Baden","isPartOf":{"@id":"https:\/\/www.amann-metallbau.de\/Metallbau\/#website"},"primaryImageOfPage":{"@id":"https:\/\/www.amann-metallbau.de\/Metallbau\/leistungen-fenster-tueren-fassaden\/#primaryimage"},"image":{"@id":"https:\/\/www.amann-metallbau.de\/Metallbau\/leistungen-fenster-tueren-fassaden\/#primaryimage"},"thumbnailUrl":"https:\/\/www.amann-metallbau.de\/Metallbau\/wp-content\/uploads\/2017\/05\/header_fenster_tueren_fassaden-1-1024x350.jpg","datePublished":"2017-05-18T12:36:38+00:00","dateModified":"2024-03-01T14:36:50+00:00","description":"Amann Metallbau - Ihr Partner f\u00fcr Fenster, T\u00fcren & Fassaden in enger Partnerschaft mit unserem Systemlieferanten Wicona Fenster, T\u00fcren und Fassadensysteme.","breadcrumb":{"@id":"https:\/\/www.amann-metallbau.de\/Metallbau\/leistungen-fenster-tueren-fassaden\/#breadcrumb"},"inLanguage":"de","potentialAction":[{"@type":"ReadAction","target":["https:\/\/www.amann-metallbau.de\/Metallbau\/leistungen-fenster-tueren-fassaden\/"]}]},{"@type":"ImageObject","inLanguage":"de","@id":"https:\/\/www.amann-metallbau.de\/Metallbau\/leistungen-fenster-tueren-fassaden\/#primaryimage","url":"https:\/\/www.amann-metallbau.de\/Metallbau\/wp-content\/uploads\/2017\/05\/header_fenster_tueren_fassaden-1.jpg","contentUrl":"https:\/\/www.amann-metallbau.de\/Metallbau\/wp-content\/uploads\/2017\/05\/header_fenster_tueren_fassaden-1.jpg","width":2000,"height":683},{"@type":"BreadcrumbList","@id":"https:\/\/www.amann-metallbau.de\/Metallbau\/leistungen-fenster-tueren-fassaden\/#breadcrumb","itemListElement":[{"@type":"ListItem","position":1,"name":"Startseite","item":"https:\/\/www.amann-metallbau.de\/Metallbau\/"},{"@type":"ListItem","position":2,"name":"Leistungen &#8211; Fenster, T\u00fcren &amp; Fassaden"}]},{"@type":"WebSite","@id":"https:\/\/www.amann-metallbau.de\/Metallbau\/#website","url":"https:\/\/www.amann-metallbau.de\/Metallbau\/","name":"Amann Metallbau","description":"Winterg\u00e4rten - Fenster, T\u00fcren &amp; Fassaden","publisher":{"@id":"https:\/\/www.amann-metallbau.de\/Metallbau\/#organization"},"potentialAction":[{"@type":"SearchAction","target":{"@type":"EntryPoint","urlTemplate":"https:\/\/www.amann-metallbau.de\/Metallbau\/?s={search_term_string}"},"query-input":{"@type":"PropertyValueSpecification","valueRequired":true,"valueName":"search_term_string"}}],"inLanguage":"de"},{"@type":"Organization","@id":"https:\/\/www.amann-metallbau.de\/Metallbau\/#organization","name":"Amann Metallbau Sinzheim","url":"https:\/\/www.amann-metallbau.de\/Metallbau\/","logo":{"@type":"ImageObject","inLanguage":"de","@id":"https:\/\/www.amann-metallbau.de\/Metallbau\/#\/schema\/logo\/image\/","url":"https:\/\/www.amann-metallbau.de\/Metallbau\/wp-content\/uploads\/2017\/05\/logo.gif","contentUrl":"https:\/\/www.amann-metallbau.de\/Metallbau\/wp-content\/uploads\/2017\/05\/logo.gif","width":39,"height":41,"caption":"Amann Metallbau Sinzheim"},"image":{"@id":"https:\/\/www.amann-metallbau.de\/Metallbau\/#\/schema\/logo\/image\/"}}]}},"builder_content":"<img src=\"https:\/\/www.amann-metallbau.de\/Metallbau\/wp-content\/uploads\/2017\/05\/header_fenster_tueren_fassaden-1-1024x350.jpg\" title=\"header_fenster_tueren_fassaden 1\" alt=\"header_fenster_tueren_fassaden 1\" srcset=\"https:\/\/www.amann-metallbau.de\/Metallbau\/wp-content\/uploads\/2017\/05\/header_fenster_tueren_fassaden-1-1024x350.jpg 1024w, https:\/\/www.amann-metallbau.de\/Metallbau\/wp-content\/uploads\/2017\/05\/header_fenster_tueren_fassaden-1-300x102.jpg 300w, https:\/\/www.amann-metallbau.de\/Metallbau\/wp-content\/uploads\/2017\/05\/header_fenster_tueren_fassaden-1-768x262.jpg 768w, https:\/\/www.amann-metallbau.de\/Metallbau\/wp-content\/uploads\/2017\/05\/header_fenster_tueren_fassaden-1.jpg 2000w\" sizes=\"(max-width: 1024px) 100vw, 1024px\" \/>\n<h2>Fenster, T\u00fcren &amp; Fassaden<\/h2>\n<p>Wir planen, fertigen und montieren in enger Partnerschaft mit unserem Systemlieferanten Wicona Fenster, T\u00fcren und Fassadensysteme.<\/p><p>Die Systeme Wicline, Wicstyle, Wicslide und Wictec bieten alle M\u00f6glichkeiten des modernen Metallbaus hinsichtlich Optik, Energieeffizienz, Einbruchschutz, Schallschutz, usw.<\/p><p>Durch gr\u00f6sste Profil- und Ausgestaltungsvielfalt sind Fassaden,Fenster, T\u00fcren und Schiebesysteme individuell bestens kombinierbar.<\/p><p>Zusammen mit hochmodernen Gl\u00e4sern und dem dazugeh\u00f6rigen individuell angepassten Sonnenschutz k\u00f6nnen wir umfassende Metallbauarbeiten anbieten, die h\u00f6chsten Anspr\u00fcchen gen\u00fcgen.<\/p><p>Sch\u00f6ne und sichere Haust\u00fcren, energieeffiziente Fenster, ein Wohnraum erweiternder Wintergarten f\u00fcr den privaten Kunden, Schaufenster, hochmoderne Fassaden f\u00fcr B\u00fcrogeb\u00e4ude, die energetische Sanierung von \u00f6ffentlichen Geb\u00e4uden wie z.B. Schulen z\u00e4hlen seit Jahrzehnten zu unseren t\u00e4glichen Aufgaben.<\/p>\n[gallery _orderbyfield=\"menu_order ID\" _orderByField=\"menu_order ID\" ids=\"232,233,234,235,236,237,347,345,346,241,242,243,244,245,344\"]","_links":{"self":[{"href":"https:\/\/www.amann-metallbau.de\/Metallbau\/wp-json\/wp\/v2\/pages\/218","targetHints":{"allow":["GET"]}}],"collection":[{"href":"https:\/\/www.amann-metallbau.de\/Metallbau\/wp-json\/wp\/v2\/pages"}],"about":[{"href":"https:\/\/www.amann-metallbau.de\/Metallbau\/wp-json\/wp\/v2\/types\/page"}],"author":[{"embeddable":true,"href":"https:\/\/www.amann-metallbau.de\/Metallbau\/wp-json\/wp\/v2\/users\/1"}],"replies":[{"embeddable":true,"href":"https:\/\/www.amann-metallbau.de\/Metallbau\/wp-json\/wp\/v2\/comments?post=218"}],"version-history":[{"count":8,"href":"https:\/\/www.amann-metallbau.de\/Metallbau\/wp-json\/wp\/v2\/pages\/218\/revisions"}],"predecessor-version":[{"id":484,"href":"https:\/\/www.amann-metallbau.de\/Metallbau\/wp-json\/wp\/v2\/pages\/218\/revisions\/484"}],"wp:attachment":[{"href":"https:\/\/www.amann-metallbau.de\/Metallbau\/wp-json\/wp\/v2\/media?parent=218"}],"curies":[{"name":"wp","href":"https:\/\/api.w.org\/{rel}","templated":true}]}}